{"id":168,"date":"2024-05-08T14:28:33","date_gmt":"2024-05-08T18:28:33","guid":{"rendered":"https:\/\/olp.swlauriersb.qc.ca\/gb\/"},"modified":"2024-05-28T15:05:50","modified_gmt":"2024-05-28T19:05:50","slug":"conseil-detablissement","status":"publish","type":"page","link":"https:\/\/olp.swlauriersb.qc.ca\/fr\/informations-pour-les-parents\/conseil-detablissement\/","title":{"rendered":"Conseil d\u2019\u00e9tablissement"},"content":{"rendered":"\n<h2 class=\"wp-block-heading\">Conseil d\u2019\u00e9tablissement 23-24<\/h2>\n\n\n\n<h3 class=\"wp-block-heading\">Fonctions et pouvoirs<\/h3>\n\n\n\n<p>La loi sur l\u2019instruction publique pr\u00e9voit le partage des fonctions et des pouvoirs entre le conseil d\u2019\u00e9tablissement et la direction. De mani\u00e8re g\u00e9n\u00e9rale, le conseil d\u2019\u00e9tablissement joue un r\u00f4le majeur dans la d\u00e9termination de l\u2019orientation d\u2019une \u00e9cole tandis que la direction d\u2019\u00e9cole supervise la qualit\u00e9 des services \u00e9ducatifs qu\u2019il fournit, assure le leadership p\u00e9dagogique et administratif, et g\u00e8re les ressources que la commission scolaire met \u00e0 la disposition de l\u2019\u00e9cole.<\/p>\n\n\n\n<p>De plus, l\u2019article 64 de la Loi sur l\u2019instruction publique stipule que \u00ab&nbsp;toute d\u00e9cision du conseil d\u2019\u00e9tablissement doit \u00eatre prise dans l\u2019int\u00e9r\u00eat sup\u00e9rieur des \u00e9l\u00e8ves&nbsp;\u00bb.<\/p>\n\n\n\n<p>Par cons\u00e9quent, le conseil d\u2019\u00e9tablissement est tenu de soumettre \u00e0 la commission scolaire toute question susceptible de faciliter le fonctionnement de l\u2019\u00e9cole et toute question susceptible d\u2019am\u00e9liorer l\u2019organisation des services fournis.<\/p>\n\n\n\n<p>De plus, la commission scolaire doit consulter le conseil d\u2019\u00e9tablissement concernant la modification ou la r\u00e9vocation de l\u2019acte d\u2019\u00e9tablissement de l\u2019\u00e9cole et les crit\u00e8res de s\u00e9lection pour la nomination de la direction de l\u2019\u00e9cole.<\/p>\n\n\n\n<p>R\u00e9f\u00e9rences<\/p>\n\n\n\n<p>E.A., articles 78 et 79.<\/p>\n\n\n\n<p>Pour plus de d\u00e9tails sur les fonctions et les pouvoirs, veuillez consulter le document suivant&nbsp;:<a href=\"https:\/\/d6724ebe-14f5-4ea7-9c2f-6c23727e6fb7.filesusr.com\/ugd\/03fd93_3b86646983034826aa7e480a0e2d51c3.pdf\" target=\"_blank\" rel=\"noopener\"> COMMISSIONS SCOLAIRES FONCTIONS ET POUVOIRS<\/a> Autre&nbsp;:<a href=\"https:\/\/d6724ebe-14f5-4ea7-9c2f-6c23727e6fb7.filesusr.com\/ugd\/03fd93_cb6efe855e2c4a368fd307c085b0b034.pdf\" target=\"_blank\" rel=\"noopener\"> FCPQ, Conseil d\u2019administration au c\u0153ur de l\u2019\u00e9cole, ao\u00fbt&nbsp;2009<\/a><\/p>\n\n\n\n<h3 class=\"wp-block-heading\">Membres du Conseil d\u2019\u00e9tablissement 2023-2024<\/h3>\n\n\n\n<p><strong>Repr\u00e9sentants des parents<\/strong><br>1\u00e8re ann\u00e9e d\u2019un mandat de deux ans<\/p>\n\n\n\n<ul>\n<li>Angelo Virone<\/li>\n\n\n\n<li>Veronique Riverin<\/li>\n\n\n\n<li>Danielle Hill<\/li>\n<\/ul>\n\n\n\n<p><strong>Repr\u00e9sentants des parents<\/strong><br>2e ann\u00e9e d\u2019un mandat de deux ans<\/p>\n\n\n\n<ul>\n<li>Mathieu Hypolite<\/li>\n\n\n\n<li>Spiros Mitzinis<\/li>\n\n\n\n<li>Meguy Santos<\/li>\n<\/ul>\n\n\n\n<p><strong>Repr\u00e9sentants de l\u2019enseignant et du personnel<\/strong><br>Dur\u00e9e d\u2019un an<\/p>\n\n\n\n<ul>\n<li>Stephanie Larouche<\/li>\n\n\n\n<li>Michelle Cortese<\/li>\n\n\n\n<li>Emilie Trudeau<\/li>\n\n\n\n<li>Antonella Continelli<\/li>\n\n\n\n<li>Gail MacKinnon<\/li>\n\n\n\n<li>Sylvia Arenal<\/li>\n\n\n\n<li>Robertina Janzic-Principal<\/li>\n<\/ul>\n\n\n\n<p>Rempla\u00e7ants<\/p>\n\n\n\n<ul>\n<li>Melanie Machado-Branco<\/li>\n\n\n\n<li>Ana Ghitan<\/li>\n<\/ul>\n\n\n\n<h3 class=\"wp-block-heading\">DATES DES R\u00c9UNIONS 2023-24<\/h3>\n\n\n\n<p>Toutes les r\u00e9unions du Conseil d\u2019\u00e9tablissement commenceront \u00e0 18h30.<\/p>\n\n\n\n<ul>\n<li>29&nbsp;ao\u00fbt&nbsp;2023\/ Assembl\u00e9e g\u00e9n\u00e9rale<\/li>\n\n\n\n<li>10&nbsp;octobre&nbsp;2023<\/li>\n\n\n\n<li>16&nbsp;novembre&nbsp;2023<\/li>\n\n\n\n<li>30&nbsp;janvier2024<\/li>\n<\/ul>\n\n\n\n<p>Veuillez noter que si vous souhaitez assister aux r\u00e9unions de notre conseil d\u2019\u00e9tablissement en tant qu\u2019invit\u00e9 public, vous pouvez le faire en contactant notre secr\u00e9taire d\u2019\u00e9cole, Mme Gail, pour plus d\u2019informations.<\/p>\n","protected":false},"excerpt":{"rendered":"<p>Conseil d\u2019\u00e9tablissement 23-24 Fonctions et pouvoirs La loi sur l\u2019instruction publique pr\u00e9voit le partage des fonctions et des pouvoirs entre le conseil d\u2019\u00e9tablissement et la direction. De mani\u00e8re g\u00e9n\u00e9rale, le conseil d\u2019\u00e9tablissement joue un r\u00f4le majeur dans la d\u00e9termination de l\u2019orientation d\u2019une \u00e9cole tandis que la direction d\u2019\u00e9cole supervise la qualit\u00e9 des services \u00e9ducatifs qu\u2019il&hellip;<\/p>\n","protected":false},"author":1,"featured_media":0,"parent":174,"menu_order":0,"comment_status":"closed","ping_status":"closed","template":"","meta":{"_acf_changed":false,"_relevanssi_hide_post":"","_relevanssi_hide_content":"","_relevanssi_pin_for_all":"","_relevanssi_pin_keywords":"","_relevanssi_unpin_keywords":"","_relevanssi_related_keywords":"","_relevanssi_related_include_ids":"","_relevanssi_related_exclude_ids":"","_relevanssi_related_no_append":"","_relevanssi_related_not_related":"","_relevanssi_related_posts":"","_relevanssi_noindex_reason":"","footnotes":""},"acf":[],"_links":{"self":[{"href":"https:\/\/olp.swlauriersb.qc.ca\/fr\/wp-json\/wp\/v2\/pages\/168"}],"collection":[{"href":"https:\/\/olp.swlauriersb.qc.ca\/fr\/wp-json\/wp\/v2\/pages"}],"about":[{"href":"https:\/\/olp.swlauriersb.qc.ca\/fr\/wp-json\/wp\/v2\/types\/page"}],"author":[{"embeddable":true,"href":"https:\/\/olp.swlauriersb.qc.ca\/fr\/wp-json\/wp\/v2\/users\/1"}],"replies":[{"embeddable":true,"href":"https:\/\/olp.swlauriersb.qc.ca\/fr\/wp-json\/wp\/v2\/comments?post=168"}],"version-history":[{"count":4,"href":"https:\/\/olp.swlauriersb.qc.ca\/fr\/wp-json\/wp\/v2\/pages\/168\/revisions"}],"predecessor-version":[{"id":459,"href":"https:\/\/olp.swlauriersb.qc.ca\/fr\/wp-json\/wp\/v2\/pages\/168\/revisions\/459"}],"up":[{"embeddable":true,"href":"https:\/\/olp.swlauriersb.qc.ca\/fr\/wp-json\/wp\/v2\/pages\/174"}],"wp:attachment":[{"href":"https:\/\/olp.swlauriersb.qc.ca\/fr\/wp-json\/wp\/v2\/media?parent=168"}],"curies":[{"name":"wp","href":"https:\/\/api.w.org\/{rel}","templated":true}]}}